{"id":49,"date":"2025-07-21T19:44:41","date_gmt":"2025-07-21T19:44:41","guid":{"rendered":"http:\/\/bruchsal-baeren.de\/?page_id=49"},"modified":"2025-12-09T23:44:17","modified_gmt":"2025-12-09T23:44:17","slug":"home","status":"publish","type":"page","link":"https:\/\/bruchsal-baeren.de\/","title":{"rendered":"Home"},"content":{"rendered":"\n<p><strong>F\u00fcr uns geh\u00f6rt der B\u00e4ren \u2013 vormals \u201eHetterich`sches Bierhaus\u201c zu Bruchsal und seiner Geschichte und nicht zum Land Baden-W\u00fcrttemberg.<\/strong><\/p>\n\n\n\n<h2 class=\"wp-block-heading\">Wir fragen die Stadtbev\u00f6lkerung von Bruchsal. <br>Stimmen Sie einfach mit ab!<\/h2>\n\n\n<div id=\"polls-1\" class=\"wp-polls\">\n\t<form id=\"polls_form_1\" class=\"wp-polls-form\" action=\"\/index.php\" method=\"post\">\n\t\t<p style=\"display: none;\"><input type=\"hidden\" id=\"poll_1_nonce\" name=\"wp-polls-nonce\" value=\"13dd4c5de1\" \/><\/p>\n\t\t<p style=\"display: none;\"><input type=\"hidden\" name=\"poll_id\" value=\"1\" \/><\/p>\n\t\t<p style=\"text-align: center;\"><strong>Wollen Sie, dass die Stadt Bruchsal den B\u00e4ren vom Land Baden-W\u00fcrttemberg \u00fcbernimmt?<\/strong><\/p><div id=\"polls-1-ans\" class=\"wp-polls-ans\"><ul class=\"wp-polls-ul\">\n\t\t<li><input type=\"radio\" id=\"poll-answer-1\" name=\"poll_1\" value=\"1\" \/> <label for=\"poll-answer-1\">Ja<\/label><\/li>\n\t\t<\/ul><p style=\"text-align: center;\"><input type=\"button\" name=\"vote\" value=\"   Abstimmen   \" class=\"Buttons\" onclick=\"poll_vote(1);\" \/><\/p><p style=\"text-align: center;\"><a href=\"#ViewPollResults\" onclick=\"poll_result(1); return false;\" title=\"Ergebnisse dieser Umfrage anzeigen\">Ergebnisse anzeigen<\/a><\/p><\/div>\n\t<\/form>\n<\/div>\n<div id=\"polls-1-loading\" class=\"wp-polls-loading\"><img loading=\"lazy\" decoding=\"async\" src=\"https:\/\/bruchsal-baeren.de\/wp-content\/plugins\/wp-polls\/images\/loading.gif\" width=\"16\" height=\"16\" alt=\"Wird geladen ...\" title=\"Wird geladen ...\" class=\"wp-polls-image\" \/>&nbsp;Wird geladen ...<\/div>\n\n\n\n\n<div class=\"wp-block-media-text is-stacked-on-mobile\" style=\"grid-template-columns:27% auto\"><figure class=\"wp-block-media-text__media\"><img loading=\"lazy\" decoding=\"async\" width=\"674\" height=\"690\" src=\"https:\/\/bruchsal-baeren.de\/wp-content\/uploads\/2025\/08\/18F25631-9A39-491E-9650-B80526B30E4E.jpeg\" alt=\"\" class=\"wp-image-232 size-full\" srcset=\"https:\/\/bruchsal-baeren.de\/wp-content\/uploads\/2025\/08\/18F25631-9A39-491E-9650-B80526B30E4E.jpeg 674w, https:\/\/bruchsal-baeren.de\/wp-content\/uploads\/2025\/08\/18F25631-9A39-491E-9650-B80526B30E4E-293x300.jpeg 293w, https:\/\/bruchsal-baeren.de\/wp-content\/uploads\/2025\/08\/18F25631-9A39-491E-9650-B80526B30E4E-147x150.jpeg 147w\" sizes=\"auto, (max-width: 674px) 100vw, 674px\" \/><\/figure><div class=\"wp-block-media-text__content\">\n<p class=\"has-text-align-center has-large-font-size\"><strong>Petition f\u00fcr den Erhalt des Traditionsgasthauses <em>\u201eZum B\u00e4ren\u201c<\/em><br>vormals <em>&#8222;Hetterich`sches Bierhaus&#8220;<\/em><\/strong><br><strong>in Bruchsal<\/strong><\/p>\n<\/div><\/div>\n\n\n\n<p><strong>B\u00fcrgerinitiative \u201eBruchsalB\u00e4renStark\u201c ruft zur Mitzeichnung der Petition auf<\/strong><\/p>\n\n\n\n<p>Die B\u00fcrgerinitiative \u201eBruchsalB\u00e4renStark\u201c hat als erste Initiative sofort nach ihrer Gr\u00fcndung beim Landtag von Baden-W\u00fcrttemberg eine Petition eingereicht mit dem Ziel, voreilige Ma\u00dfnahmen der Landesverwaltung wie etwa die Umwandlung des B\u00e4ren in ein B\u00fcrogeb\u00e4ude so schnell als m\u00f6glich zu stoppen. Danach will sie zusammen mit vielen Akteuren der Stadtgesellschaft sowie den zust\u00e4ndigen Institutionen an einem langfristig wirksamen Konzept arbeiten, um die historische Verpflichtung des Geb\u00e4udes in einem Restaurant f\u00fcr die B\u00fcrgerschaft zu sichern.<\/p>\n\n\n\n<p>Der Petitionsausschuss des Landtags von Baden-W\u00fcrttemberg hat die Petition der B\u00fcrgerinitiative \u201eBruchsalB\u00e4renStark\u201c auf der offiziellen Webseite des Landtags zur allgemeinen Mit-Unterzeichnung angenommen und dort ver\u00f6ffentlicht. Die Bev\u00f6lkerung ist damit aufgerufen, diese Petition zu unterst\u00fctzen.<\/p>\n\n\n\n<p>Der Zugang:<br>\ud83d\udc49&nbsp;<a href=\"https:\/\/petitionen.landtag-bw.de\/Petitionen\/Details\/bde3757b-2d75-48ea-81cf-14b3e2110a03\">https:\/\/petitionen.landtag-bw.de\/Petitionen\/Details\/bde3757b-2d75-48ea-81cf-14b3e2110a03<\/a><\/p>\n\n\n\n<p>Die Bev\u00f6lkerung ist aufgerufen, sich der Petition anzuschlie\u00dfen und diese zu unterschreiben. Wer die Petition lieber per E-Mail unterzeichnen m\u00f6chte, kann dies unter Angabe seiner Wohnadresse \u00fcber folgende Mail-Adresse erledigen:<br>\ud83d\udce7&nbsp;<a>info@bruchsal-baeren.de<\/a><\/p>\n\n\n\n<p>Sofern nicht ausdr\u00fccklich widersprochen wird, werden wir die Liste der Unterzeichner w\u00f6chentlich aktualisieren.<\/p>\n\n\n\n<p>Danach werden alle Unterzeichner im Herbst zu verschiedenen Diskussionsveranstaltungen eingeladen. Das Thema geh\u00f6rt in die \u00d6ffentlichkeit der Stadtgesellschaft und nicht in den Hintergrund von Verwaltungsstellen des Landes.<\/p>\n\n\n\n<p>Die B\u00fcrgerinitiative \u201eBruchsalB\u00e4renStark\u201c l\u00e4dt alle Mitb\u00fcrgerinnen und Mitb\u00fcrger ein, diese Petition auch auf diesem Wege zu unterst\u00fctzen.<\/p>\n\n\n\n<p>F\u00fcr eine Ver\u00f6ffentlichung bedanken wir uns.<\/p>\n\n\n\n<p>Der Sprecherrat der B\u00fcrgerinitiative \u201eBRUCHSAL<strong><em>B\u00c4REN<\/em><\/strong>STARK\u201c<\/p>\n\n\n\n<p>Dr. J\u00fcrgen Dick&nbsp;&nbsp; &nbsp;&nbsp;&nbsp;Rainer Kaufmann&nbsp;&nbsp; &nbsp;&nbsp;Ulrich Klumpp&nbsp;&nbsp;&nbsp; &nbsp;Ratschel Lupp&nbsp;&nbsp;&nbsp;&nbsp; Sonja Zeh<\/p>\n\n\n\n<p><\/p>\n\n\n\n<p><strong>Hier eine Abschrift der Petition:<\/strong><\/p>\n\n\n\n<p class=\"has-text-align-right\"><strong>An den Landtag von Baden-W\u00fcrttemberg<\/strong><br><strong>Petitionsausschuss<\/strong><br>Konrad-Adenauer-Stra\u00dfe 3<br>70173 Stuttgart<\/p>\n\n\n\n<p class=\"has-text-align-right\">Das Gasthaus \u201eZum B\u00e4ren\u201c, eine traditionsreiche Gastst\u00e4tte in Bruchsal, steht seit nahezu drei Jahren leer. Das Geb\u00e4ude geh\u00f6rt zum Schlossensemble und f\u00e4llt in die Zust\u00e4ndigkeit des Landesamts f\u00fcr Verm\u00f6gen und Bau, Baden-W\u00fcrttemberg. Trotz seiner historischen und kulturellen Bedeutung konnte bislang noch keine Entscheidung \u00fcber eine Sanierung oder k\u00fcnftige Nutzung getroffen werden. Nach derzeitigem Kenntnisstand ist seitens des Landes eine Sanierung des Geb\u00e4udes als Voraussetzung f\u00fcr eine weitere Nutzung als Gastst\u00e4tte wegen der damit verbundenen Kosten nicht vorgesehen. Stattdessen verdichten sich die Informationen, dass man die R\u00e4umlichkeiten f\u00fcr B\u00fcror\u00e4ume nutzen wolle, eine Perspektive, die in der Bev\u00f6lkerung f\u00fcr Unverst\u00e4ndnis und Unmut sorgt.<\/p>\n\n\n\n<p class=\"has-text-align-right\">Dabei geht es zum einen um die Pr\u00e4senz eines gediegenen gastronomischen Angebotes, das gerade in der N\u00e4he des Schlosses einen besonderen touristischen Wert hat, verbunden mit dem Wunsch der Bev\u00f6lkerung, die Tradition des \u201eB\u00e4ren\u201c als beliebtes und gut frequentiertes Restaurant fortzuf\u00fchren.<\/p>\n\n\n\n<p class=\"has-text-align-right\">Zum anderen muss auf die Bedeutung des \u201eB\u00e4ren\u201c als historischer Ort der Demokratiegeschichte verwiesen werden. Das damalige \u201eHetterich\u00b4sche Bierhaus\u201c war in den Jahren der badischen Revolution 1848\/49 Treffpunkt des demokratischen Volksvereins, d.h. von den dortigen Versammlungen gingen starke Impulse f\u00fcr die Freiheitsbewegung aus. Sein Besitzer Heinrich Hetterich war einer der Hauptinitiatoren des Aufstandes in Bruchsal, der im Rahmen der Reichsverfassungskampagne zur Befreiung der politischen Gefangenen, darunter der ber\u00fchmte Revolutionsf\u00fchrer Gustav Struve, f\u00fchrte. Wir halten es daher, auch im Sinne einer demokratischen Traditionspflege, f\u00fcr dringend geboten, diesen historischen Bezug nach au\u00dfen sichtbar zu erhalten und zu beleben. Ein solches Konzept k\u00f6nnte auch das touristische Profil der Stadt erweitern und das Barockschloss um eine bedeutende historische Perspektive erg\u00e4nzen.<\/p>\n\n\n\n<p class=\"has-text-align-right\">Die B\u00fcrgerinitiative wendet sich daher mit dieser Petition an den Petitionsausschuss des Landtags Baden-W\u00fcrttemberg mit dem Ziel, unser Anliegen gegen\u00fcber der Landesregierung zu unterst\u00fctzen und insbesondere die vorschnelle Entscheidung einer Nutzung als Verwaltungsgeb\u00e4ude zu verhindern. Eine Kombination aus Gasthaus \u201eZum B\u00e4ren\u201c mit dem \u201eHetterich`schen Bierkeller\u201c und dem \u201eHetterich`schen Biergarten\u201c w\u00e4re eine historisch gebotene L\u00f6sung, deren wirtschaftliche Realisierung durchaus m\u00f6glich erscheint.<\/p>\n\n\n\n<p class=\"has-text-align-right\">Dabei ist uns bewusst, dass die Realisierung ein Balanceakt zwischen finanziellen Realit\u00e4ten, historischen Verpflichtungen und den Erwartungen der Bruchsaler Bev\u00f6lkerung darstellt. Dennoch sollte eine vorschnelle Entscheidung in Richtung eines reinen Verwaltungsgeb\u00e4udes vermieden und alle Finanzierungsm\u00f6glichkeiten unter Einbeziehung privater Investoren, dem Modell einer b\u00fcrgerlichen Genossenschaft und Zusch\u00fcssen durch \u00f6ffentliche und private Stiftungen ernsthaft gepr\u00fcft werden.<\/p>\n\n\n\n<p class=\"has-text-align-right\">Mit freundlichem Gru\u00df<\/p>\n\n\n\n<p class=\"has-text-align-right\">Bruchsal, 23.7.2025<br>gez.<\/p>\n\n\n\n<p class=\"has-text-align-right\">J\u00fcrgen Dick&nbsp;&nbsp;&nbsp; Rainer Kaufmann&nbsp;&nbsp;&nbsp; Ulrich Klumpp&nbsp;&nbsp;&nbsp; R\u00fcdiger Lupp&nbsp;&nbsp;&nbsp; Sonja Zeh<br>Sprecherrat der <a>B\u00fcrgerinitiative <\/a><strong>\u201eBruchsal<em>B\u00e4ren<\/em>Stark\u201c<br><br>Unsere Adresse:<\/strong><br>B\u00fcrgerinitiative <a><strong>\u201eBruchsal<em>B\u00e4ren<\/em>Stark \u201c<br><\/strong><\/a>c\/o Rainer Kaufmann<br>Robert-Stolz-Stra\u00dfe 23 &#8211; 76646 Bruchsal<br>Tel: 07257\/930390 &#8211; <a href=\"mailto:info@bruchsal-baeren.de\">info@bruchsal-baeren.de<\/a><\/p>\n\n\n\n<p>Wenn Sie diese Petiton unterst\u00fctzen oder Mitglied der B\u00fcrgerinititative <a><strong>\u201eBruchsal<em>B\u00e4ren<\/em>Stark\u201c<\/strong><\/a> werden wollen, schreiben Sie uns einfach eine email mit Angabe Ihrer Adresse an <a href=\"mailto:info@bruchsal-baeren.de\">info@bruchsal-baeren.de<\/a><\/p>\n\n\n\n<p>Die aktuelle Liste der Unterschriften unter diese Petition finden Sie auf dieser Webseite unter dem Button &#8222;<a href=\"http:\/\/bruchsal-baeren.de\/?page_id=178\">Unsere Unterst\u00fctzer<\/a>&#8222;<\/p>\n\n\n\n<p><\/p>\n\n\n\n<p><\/p>\n","protected":false},"excerpt":{"rendered":"<p>F\u00fcr uns geh\u00f6rt der B\u00e4ren \u2013 vormals \u201eHetterich`sches Bierhaus\u201c zu Bruchsal und seiner Geschichte und nicht zum Land Baden-W\u00fcrttemberg. Wir fragen die Stadtbev\u00f6lkerung von Bruchsal. Stimmen Sie einfach mit ab! Petition f\u00fcr den Erhalt des Traditionsgasthauses \u201eZum B\u00e4ren\u201cvormals &#8222;Hetterich`sches Bierhaus&#8220;in Bruchsal B\u00fcrgerinitiative \u201eBruchsalB\u00e4renStark\u201c ruft zur Mitzeichnung der Petition auf Die B\u00fcrgerinitiative \u201eBruchsalB\u00e4renStark\u201c hat als erste &hellip; <\/p>\n<p class=\"link-more\"><a href=\"https:\/\/bruchsal-baeren.de\/\" class=\"more-link\">Mehr <span class=\"screen-reader-text\">\u00fcber &#8222;Home&#8220; <\/span>Lesen<\/a><\/p>\n","protected":false},"author":1,"featured_media":0,"parent":0,"menu_order":0,"comment_status":"closed","ping_status":"closed","template":"","meta":{"inspiro_hide_title":false,"footnotes":""},"class_list":["post-49","page","type-page","status-publish","hentry"],"_links":{"self":[{"href":"https:\/\/bruchsal-baeren.de\/index.php?rest_route=\/wp\/v2\/pages\/49","targetHints":{"allow":["GET"]}}],"collection":[{"href":"https:\/\/bruchsal-baeren.de\/index.php?rest_route=\/wp\/v2\/pages"}],"about":[{"href":"https:\/\/bruchsal-baeren.de\/index.php?rest_route=\/wp\/v2\/types\/page"}],"author":[{"embeddable":true,"href":"https:\/\/bruchsal-baeren.de\/index.php?rest_route=\/wp\/v2\/users\/1"}],"replies":[{"embeddable":true,"href":"https:\/\/bruchsal-baeren.de\/index.php?rest_route=%2Fwp%2Fv2%2Fcomments&post=49"}],"version-history":[{"count":77,"href":"https:\/\/bruchsal-baeren.de\/index.php?rest_route=\/wp\/v2\/pages\/49\/revisions"}],"predecessor-version":[{"id":386,"href":"https:\/\/bruchsal-baeren.de\/index.php?rest_route=\/wp\/v2\/pages\/49\/revisions\/386"}],"wp:attachment":[{"href":"https:\/\/bruchsal-baeren.de\/index.php?rest_route=%2Fwp%2Fv2%2Fmedia&parent=49"}],"curies":[{"name":"wp","href":"https:\/\/api.w.org\/{rel}","templated":true}]}}